{"id":52,"date":"2011-10-11T08:55:20","date_gmt":"2011-10-11T08:55:20","guid":{"rendered":"http:\/\/127.0.0.1\/wordpress\/?page_id=52"},"modified":"2024-09-19T07:43:51","modified_gmt":"2024-09-19T07:43:51","slug":"contacts","status":"publish","type":"page","link":"http:\/\/www.gc.iut-amiens.fr\/?page_id=52","title":{"rendered":"Culture"},"content":{"rendered":"<p>Dans le cadre d\u2019Actions Culturelles de l\u2019Universit\u00e9 de Picardie Jules Verne, une programmation vari\u00e9e de spectacles, expositions, concerts vous est propos\u00e9e.<\/p>\n<p>Les informations, nature du spectacle, date et inscription sont affich\u00e9es sur l\u2019\u00e9cran du hall d\u2019entr\u00e9e du d\u00e9partement et par voie d\u2019affichage.<\/p>\n<p>Les flyers sont \u00e0 votre disposition aupr\u00e8s du BDE.<\/p>\n<p>N\u2019h\u00e9sitez pas \u00e0 nous rejoindre\u00a0!<\/p>\n<p>B. Leclercq et l\u2019\u00e9quipe du BDE<\/p>\n<p>&nbsp;<\/p>\n<p><a href=\"http:\/\/www.crous-amiens.fr\/culture\/festitude-festival-de-rentree\/\" target=\"_blank\" rel=\"noopener noreferrer\">Festitude, festival de rentr\u00e9e<\/a><\/p>\n<p><a href=\"http:\/\/www.crous-amiens.fr\/culture\/agenda-culturel-2\/\" target=\"_blank\" rel=\"noopener noreferrer\">Action culturelle<\/a><\/p>\n<p>&nbsp;<\/p>\n<p>&nbsp;<\/p>\n<p>&nbsp;<\/p>\n<p>&nbsp;<\/p>\n<p>&nbsp;<\/p>\n<p>&nbsp;<\/p>\n<p>&nbsp;<\/p>\n<p>&nbsp;<\/p>\n<p>&nbsp;<\/p>\n<p>&nbsp;<\/p>\n<p>&nbsp;<\/p>\n<p>&nbsp;<\/p>\n<p>&nbsp;<\/p>\n<p>&nbsp;<\/p>\n<p>&nbsp;<\/p>\n","protected":false},"excerpt":{"rendered":"<p>Dans le cadre d\u2019Actions Culturelles de l\u2019Universit\u00e9 de Picardie Jules Verne, une programmation vari\u00e9e de spectacles, expositions, concerts vous est propos\u00e9e. Les informations, nature du spectacle, date et inscription sont affich\u00e9es sur l\u2019\u00e9cran du hall d\u2019entr\u00e9e du d\u00e9partement et par &hellip; <a href=\"http:\/\/www.gc.iut-amiens.fr\/?page_id=52\">Continuer la lecture <span class=\"meta-nav\">&rarr;<\/span><\/a><\/p>\n","protected":false},"author":1,"featured_media":0,"parent":0,"menu_order":7,"comment_status":"closed","ping_status":"closed","template":"","meta":{"footnotes":""},"class_list":["post-52","page","type-page","status-publish","hentry"],"_links":{"self":[{"href":"http:\/\/www.gc.iut-amiens.fr\/index.php?rest_route=\/wp\/v2\/pages\/52","targetHints":{"allow":["GET"]}}],"collection":[{"href":"http:\/\/www.gc.iut-amiens.fr\/index.php?rest_route=\/wp\/v2\/pages"}],"about":[{"href":"http:\/\/www.gc.iut-amiens.fr\/index.php?rest_route=\/wp\/v2\/types\/page"}],"author":[{"embeddable":true,"href":"http:\/\/www.gc.iut-amiens.fr\/index.php?rest_route=\/wp\/v2\/users\/1"}],"replies":[{"embeddable":true,"href":"http:\/\/www.gc.iut-amiens.fr\/index.php?rest_route=%2Fwp%2Fv2%2Fcomments&post=52"}],"version-history":[{"count":40,"href":"http:\/\/www.gc.iut-amiens.fr\/index.php?rest_route=\/wp\/v2\/pages\/52\/revisions"}],"predecessor-version":[{"id":2390,"href":"http:\/\/www.gc.iut-amiens.fr\/index.php?rest_route=\/wp\/v2\/pages\/52\/revisions\/2390"}],"wp:attachment":[{"href":"http:\/\/www.gc.iut-amiens.fr\/index.php?rest_route=%2Fwp%2Fv2%2Fmedia&parent=52"}],"curies":[{"name":"wp","href":"https:\/\/api.w.org\/{rel}","templated":true}]}}