{"id":2074,"date":"2021-01-11T09:00:45","date_gmt":"2021-01-11T09:00:45","guid":{"rendered":"http:\/\/www.gc.iut-amiens.fr\/?page_id=2074"},"modified":"2022-09-23T12:01:14","modified_gmt":"2022-09-23T12:01:14","slug":"participez-a-la-journee-portes-ouvertes-2021","status":"publish","type":"page","link":"http:\/\/www.gc.iut-amiens.fr\/?page_id=2074","title":{"rendered":"Participez \u00e0 la Journ\u00e9e Portes ouvertes"},"content":{"rendered":"<p><img loading=\"lazy\" decoding=\"async\" class=\"alignnone size-thumbnail\" src=\"https:\/\/www.u-picardie.fr\/medias\/photo\/home-jpo-2022_1639049577559-png\" width=\"1160\" height=\"340\" \/><\/p>\n<p><strong>Bienvenue \u00e0 la journ\u00e9e Portes Ouvertes du d\u00e9partement G\u00e9nie Civil et Construction Durable de l&rsquo;IUT d&rsquo;Amiens.<\/strong><\/p>\n<p><strong>Pour en savoir plus sur d\u00e9partement G\u00e9nie Civil<\/strong><br \/>\n<iframe loading=\"lazy\" src=\"https:\/\/www.youtube.com\/embed\/8YBTMMn21Ns\" width=\"560\" height=\"315\" frameborder=\"0\" allowfullscreen=\"allowfullscreen\"><\/iframe><br \/>\n<iframe loading=\"lazy\" src=\"https:\/\/www.youtube.com\/embed\/vcRWHlKzr-o\" width=\"560\" height=\"315\" frameborder=\"0\" allowfullscreen=\"allowfullscreen\"><\/iframe><br \/>\n<strong>Vous pr\u00e9parez votre bac et vous souhaitez conna\u00eetre le BUT GCCD<\/strong><a href=\"http:\/\/www.gc.iut-amiens.fr\/?page_id=2085\"><img loading=\"lazy\" decoding=\"async\" class=\"aligncenter\" src=\"http:\/\/www.iut-amiens.fr\/wp-content\/uploads\/BUT1-1024x537.jpg\" width=\"370\" height=\"200\" \/><\/a><\/p>\n<p><strong>Nos Licences Professionnelles<\/strong><a href=\"http:\/\/www.gc.iut-amiens.fr\/?page_id=2091\"><img loading=\"lazy\" decoding=\"async\" class=\"aligncenter\" title=\"Titre_licence\" src=\"http:\/\/www.gc.iut-amiens.fr\/wp-content\/uploads\/2011\/10\/Titre_licence-1024x271.jpg\" alt=\"\" width=\"367\" height=\"106\" \/><\/a><a href=\"http:\/\/www.gc.iut-amiens.fr\/?page_id=2091\"><img loading=\"lazy\" decoding=\"async\" class=\"aligncenter\" src=\"http:\/\/www.gc.iut-amiens.fr\/wp-content\/uploads\/2016\/bandeau.png\" alt=\"\" width=\"368\" height=\"65\" \/><\/a><\/p>\n<p><strong>Interviews d\u2019\u00e9tudiants<\/strong><br \/>\n<a href=\"http:\/\/www.gc.iut-amiens.fr\/?page_id=2095\"><img loading=\"lazy\" decoding=\"async\" class=\"size-thumbnail wp-image-2224 aligncenter\" src=\"http:\/\/www.gc.iut-amiens.fr\/wp-content\/uploads\/Capture-decran-2021-02-02-a-10.10.48-150x150.png\" alt=\"\" width=\"150\" height=\"150\" \/><\/a><\/p>\n<p><strong>T\u00e9moignages d\u2019anciens \u00e9tudiants en poursuite d\u2019\u00e9tudes<\/strong><br \/>\n<a href=\"http:\/\/www.gc.iut-amiens.fr\/?page_id=2098\"><img loading=\"lazy\" decoding=\"async\" class=\"size-thumbnail wp-image-2228 aligncenter\" src=\"http:\/\/www.gc.iut-amiens.fr\/wp-content\/uploads\/Capture-decran-2021-02-02-a-10.18.15-150x150.png\" alt=\"\" width=\"150\" height=\"150\" \/><\/a><\/p>\n<p><strong>T\u00e9moignages de professionnels<\/strong><br \/>\n<a href=\"http:\/\/www.gc.iut-amiens.fr\/?page_id=2087\"><img loading=\"lazy\" decoding=\"async\" class=\"size-thumbnail wp-image-2237 aligncenter\" src=\"http:\/\/www.gc.iut-amiens.fr\/wp-content\/uploads\/Capture-decran-2021-02-02-a-14.33.34-150x150.jpg\" alt=\"\" width=\"150\" height=\"150\" \/><\/a><\/p>\n<p style=\"text-align: left;\"><strong>Laboratoire de Recherche<\/strong><br \/>\n<a href=\"http:\/\/www.gc.iut-amiens.fr\/?page_id=2275\"><img loading=\"lazy\" decoding=\"async\" class=\"aligncenter\" src=\"http:\/\/lti-picardie.fr\/wp-content\/uploads\/2015\/09\/cropped-logo.png\" alt=\"LTI\" width=\"256\" height=\"110\" \/><\/a><\/p>\n<p><strong>Echange international<\/strong><br \/>\n<a href=\"http:\/\/www.gc.iut-amiens.fr\/?page_id=2087\"><img loading=\"lazy\" decoding=\"async\" class=\"aligncenter\" src=\"https:\/\/study-eu.s3.amazonaws.com\/uploads\/university\/via-university-college-31-logo.png\" alt=\"VIA University College, Denmark | Study.EU\" width=\"190\" height=\"66\" \/><\/a><\/p>\n","protected":false},"excerpt":{"rendered":"<p>Bienvenue \u00e0 la journ\u00e9e Portes Ouvertes du d\u00e9partement G\u00e9nie Civil et Construction Durable de l&rsquo;IUT d&rsquo;Amiens. Pour en savoir plus sur d\u00e9partement G\u00e9nie Civil Vous pr\u00e9parez votre bac et vous souhaitez conna\u00eetre le BUT GCCD Nos Licences Professionnelles Interviews d\u2019\u00e9tudiants &hellip; <a href=\"http:\/\/www.gc.iut-amiens.fr\/?page_id=2074\">Continuer la lecture <span class=\"meta-nav\">&rarr;<\/span><\/a><\/p>\n","protected":false},"author":1,"featured_media":0,"parent":417,"menu_order":5,"comment_status":"closed","ping_status":"closed","template":"","meta":{"footnotes":""},"class_list":["post-2074","page","type-page","status-publish","hentry"],"_links":{"self":[{"href":"http:\/\/www.gc.iut-amiens.fr\/index.php?rest_route=\/wp\/v2\/pages\/2074","targetHints":{"allow":["GET"]}}],"collection":[{"href":"http:\/\/www.gc.iut-amiens.fr\/index.php?rest_route=\/wp\/v2\/pages"}],"about":[{"href":"http:\/\/www.gc.iut-amiens.fr\/index.php?rest_route=\/wp\/v2\/types\/page"}],"author":[{"embeddable":true,"href":"http:\/\/www.gc.iut-amiens.fr\/index.php?rest_route=\/wp\/v2\/users\/1"}],"replies":[{"embeddable":true,"href":"http:\/\/www.gc.iut-amiens.fr\/index.php?rest_route=%2Fwp%2Fv2%2Fcomments&post=2074"}],"version-history":[{"count":67,"href":"http:\/\/www.gc.iut-amiens.fr\/index.php?rest_route=\/wp\/v2\/pages\/2074\/revisions"}],"predecessor-version":[{"id":2361,"href":"http:\/\/www.gc.iut-amiens.fr\/index.php?rest_route=\/wp\/v2\/pages\/2074\/revisions\/2361"}],"up":[{"embeddable":true,"href":"http:\/\/www.gc.iut-amiens.fr\/index.php?rest_route=\/wp\/v2\/pages\/417"}],"wp:attachment":[{"href":"http:\/\/www.gc.iut-amiens.fr\/index.php?rest_route=%2Fwp%2Fv2%2Fmedia&parent=2074"}],"curies":[{"name":"wp","href":"https:\/\/api.w.org\/{rel}","templated":true}]}}