{"id":1135,"date":"2012-06-20T08:01:22","date_gmt":"2012-06-20T08:01:22","guid":{"rendered":"http:\/\/www.gc.iut-amiens.fr\/?page_id=1135"},"modified":"2025-01-24T16:54:01","modified_gmt":"2025-01-24T16:54:01","slug":"contacts","status":"publish","type":"page","link":"http:\/\/www.gc.iut-amiens.fr\/?page_id=1135","title":{"rendered":"Contacts"},"content":{"rendered":"<p><strong style=\"color: inherit; font: normal normal normal 15px\/normal 'Helvetica Neue', Helvetica, Arial, sans-serif; font-style: inherit; font-weight: bold; line-height: 1.625;\">Chef de d\u00e9partement<\/strong><\/p>\n<ul style=\"color: inherit; font: normal normal normal 15px\/normal 'Helvetica Neue', Helvetica, Arial, sans-serif; font-style: inherit; font-weight: 300; line-height: 1.625; list-style-type: square; list-style-position: initial; list-style-image: initial; padding: 0px; margin: 0px 0px 1.625em 2.5em;\">\n<li>\n<div style=\"color: inherit; font: normal normal normal 15px\/normal 'Helvetica Neue', Helvetica, Arial, sans-serif; font-style: inherit; font-weight: inherit; line-height: 1.625;\"><a href=\"chef-dept-gc@u-picardie.fr\">Christophe Seigneur<\/a>, (chef-dept-gc(at)u-picardie.fr)<\/div>\n<\/li>\n<\/ul>\n<p style=\"color: inherit; font: normal normal normal 15px\/normal 'Helvetica Neue', Helvetica, Arial, sans-serif; font-style: inherit; font-weight: 300; line-height: 1.625; margin-bottom: 1.625em;\"><strong style=\"color: inherit; font: normal normal normal 15px\/normal 'Helvetica Neue', Helvetica, Arial, sans-serif; font-style: inherit; font-weight: bold; line-height: 1.625;\">Directeur des \u00e9tudes 1\u00e8re ann\u00e9e<\/strong><\/p>\n<ul style=\"color: inherit; font: normal normal normal 15px\/normal 'Helvetica Neue', Helvetica, Arial, sans-serif; font-style: inherit; font-weight: 300; line-height: 1.625; list-style-type: square; list-style-position: initial; list-style-image: initial; padding: 0px; margin: 0px 0px 1.625em 2.5em;\">\n<li style=\"color: inherit; font: normal normal normal 15px\/normal 'Helvetica Neue', Helvetica, Arial, sans-serif; font-style: inherit; font-weight: inherit; line-height: 1.625;\"><a href=\"http:\/\/mailti :\">Mollard C\u00e9line<\/a>, (celine.mollard(at)u-picardie.fr) C<em>onstruction, Organisation, DAO, Structures<\/em><\/li>\n<\/ul>\n<p style=\"color: inherit; font: normal normal normal 15px\/normal 'Helvetica Neue', Helvetica, Arial, sans-serif; font-style: inherit; font-weight: 300; line-height: 1.625; margin-bottom: 1.625em;\"><strong style=\"color: inherit; font: normal normal normal 15px\/normal 'Helvetica Neue', Helvetica, Arial, sans-serif; font-style: inherit; font-weight: bold; line-height: 1.625;\">Directeur des \u00e9tudes 2\u00e8me ann\u00e9e<\/strong><\/p>\n<ul style=\"color: inherit; font: normal normal normal 15px\/normal 'Helvetica Neue', Helvetica, Arial, sans-serif; font-style: inherit; font-weight: 300; line-height: 1.625; list-style-type: square; list-style-position: initial; list-style-image: initial; padding: 0px; margin: 0px 0px 1.625em 2.5em;\">\n<li style=\"color: inherit; font: normal normal normal 15px\/normal 'Helvetica Neue', Helvetica, Arial, sans-serif; font-style: inherit; font-weight: inherit; line-height: 1.625;\"><a href=\"mailto:\">Rosquo\u00ebt Fr\u00e9d\u00e9ric<\/a>, (frederic.rosquoet(at)u-picardie.fr)\u00a0<em>M\u00e9canique des sols, G\u00e9otechnique, G\u00e9ologie<\/em><\/li>\n<\/ul>\n<p style=\"color: inherit; font: normal normal normal 15px\/normal 'Helvetica Neue', Helvetica, Arial, sans-serif; font-style: inherit; font-weight: 300; line-height: 1.625; margin-bottom: 1.625em;\"><strong style=\"color: inherit; font: normal normal normal 15px\/normal 'Helvetica Neue', Helvetica, Arial, sans-serif; font-style: inherit; font-weight: bold; line-height: 1.625;\">Directeur des \u00e9tudes 3\u00e8me ann\u00e9e<\/strong><\/p>\n<ul>\n<li>\u00a0<a href=\"mailto:amar.benazzouk@u-picardie.fr\">Benazzouk Amar<\/a>, (Amar.benazzouk(at)u-picardie.fr) <em>Materiaux<\/em><\/li>\n<\/ul>\n<p style=\"color: inherit; font: normal normal normal 15px\/normal 'Helvetica Neue', Helvetica, Arial, sans-serif; font-style: inherit; font-weight: inherit; line-height: 1.625;\"><strong>Responsable des stages et Alternance<br \/>\n<\/strong><\/p>\n<ul>\n<li>\n<div style=\"color: inherit; font: normal normal normal 15px\/normal 'Helvetica Neue', Helvetica, Arial, sans-serif; font-style: inherit; font-weight: inherit; line-height: 1.625;\"><a href=\"mailto:\">Douzane Omar<\/a>, (omar.douzane(at)u-picardie.fr) <em>M\u00e9canique des structures<\/em><\/div>\n<\/li>\n<\/ul>\n<p style=\"color: inherit; font: normal normal normal 15px\/normal 'Helvetica Neue', Helvetica, Arial, sans-serif; font-style: inherit; font-weight: 300; line-height: 1.625; margin-bottom: 1.625em;\"><strong style=\"color: inherit; font: normal normal normal 15px\/normal 'Helvetica Neue', Helvetica, Arial, sans-serif; font-style: inherit; font-weight: bold; line-height: 1.625;\">Secr\u00e9tariat<\/strong><\/p>\n<ul style=\"color: inherit; font: normal normal normal 15px\/normal 'Helvetica Neue', Helvetica, Arial, sans-serif; font-style: inherit; font-weight: 300; line-height: 1.625; list-style-type: square; list-style-position: initial; list-style-image: initial; padding: 0px; margin: 0px 0px 1.625em 2.5em;\">\n<li style=\"color: inherit; font: normal normal normal 15px\/normal 'Helvetica Neue', Helvetica, Arial, sans-serif; font-style: inherit; font-weight: inherit; line-height: 1.625;\"><a style=\"color: #1b8be0; font: normal normal normal 15px\/normal 'Helvetica Neue', Helvetica, Arial, sans-serif; font-style: inherit; font-weight: inherit; line-height: 1.625; text-decoration: none;\" href=\"mailto:\">Montigny Cathy<\/a>\u00a0(cathy.montigny(at)u-picardie.fr)<\/li>\n<li style=\"color: inherit; font: normal normal normal 15px\/normal 'Helvetica Neue', Helvetica, Arial, sans-serif; font-style: inherit; font-weight: inherit; line-height: 1.625;\"><a href=\"severine.lefranc@u-picardie.fr\">S\u00e9verine Lefranc<\/a><a style=\"color: #1b8be0; font: normal normal normal 15px\/normal 'Helvetica Neue', Helvetica, Arial, sans-serif; font-style: inherit; font-weight: inherit; line-height: 1.625; text-decoration: none;\" href=\"mailto:\">\u00a0<\/a>(severine.lefranc(at)u-picardie.fr)<\/li>\n<\/ul>\n<p style=\"color: inherit; font: normal normal normal 15px\/normal 'Helvetica Neue', Helvetica, Arial, sans-serif; font-style: inherit; font-weight: 300; line-height: 1.625; margin-bottom: 1.625em;\"><strong style=\"color: inherit; font: normal normal normal 15px\/normal 'Helvetica Neue', Helvetica, Arial, sans-serif; font-style: inherit; font-weight: bold; line-height: 1.625;\">Enseignants<\/strong><\/p>\n<ul style=\"color: inherit; font: normal normal normal 15px\/normal 'Helvetica Neue', Helvetica, Arial, sans-serif; font-style: inherit; font-weight: 300; line-height: 1.625; list-style-type: square; list-style-position: initial; list-style-image: initial; padding: 0px; margin: 0px 0px 1.625em 2.5em;\">\n<li><a href=\"sonagnon.jerome.afoutou@u-picardie.fr\">Afoutou J\u00e9r\u00f4me<\/a>, (sonagnon.jerome.afoutou(at)u-picardie.fr)<\/li>\n<li style=\"color: inherit; font: normal normal normal 15px\/normal 'Helvetica Neue', Helvetica, Arial, sans-serif; font-style: inherit; font-weight: inherit; line-height: 1.625;\"><a style=\"color: #1b8be0; font: normal normal normal 15px\/normal 'Helvetica Neue', Helvetica, Arial, sans-serif; font-style: inherit; font-weight: inherit; line-height: 1.625; text-decoration: none;\" href=\"mailto:\">Benazzouk Amar<\/a>, (amar.benazzouk(at)u-picardie.fr)\u00a0<em style=\"color: inherit; font: normal normal normal 15px\/normal 'Helvetica Neue', Helvetica, Arial, sans-serif; font-style: italic; font-weight: inherit; line-height: 1.625;\">Mat\u00e9riaux<\/em><\/li>\n<li><a href=\"naima.boumediene@u-picardie.fr\">Boumediene Naima<\/a>, (naima.boumediene(at)u-picardie.fr)<\/li>\n<li style=\"color: inherit; font: normal normal normal 15px\/normal 'Helvetica Neue', Helvetica, Arial, sans-serif; font-style: inherit; font-weight: inherit; line-height: 1.625;\"><a style=\"color: #1b8be0; font: normal normal normal 15px\/normal 'Helvetica Neue', Helvetica, Arial, sans-serif; font-style: inherit; font-weight: inherit; line-height: 1.625; text-decoration: none;\" href=\"mailto:\">Briet S\u00e9bastien<\/a>, (sebastien.briet(at)u-picardie.fr)\u00a0<em style=\"color: inherit; font: normal normal normal 15px\/normal 'Helvetica Neue', Helvetica, Arial, sans-serif; font-style: italic; font-weight: inherit; line-height: 1.625;\">Anglais<\/em><\/li>\n<li><a href=\"dutra.freitas@u-picardie.fr\">Freitas Dutra Lorena, <\/a>(dutra.freitas(at)u-picardie.fr<\/li>\n<li><a href=\"laurent.lahoche@u-picardie.fr\">Lahoche Laurent,<\/a> (laurent.lahoche(at)u-picardie.fr)<\/li>\n<li style=\"color: inherit; font: normal normal normal 15px\/normal 'Helvetica Neue', Helvetica, Arial, sans-serif; font-style: inherit; font-weight: inherit; line-height: 1.625;\"><a style=\"color: #1b8be0; font: normal normal normal 15px\/normal 'Helvetica Neue', Helvetica, Arial, sans-serif; font-style: inherit; font-weight: inherit; line-height: 1.625; text-decoration: none;\" href=\"mailto:\">Leclercq Blandine<\/a>, (blandine.leclercq(at)u-picardie.fr)\u00a0<em style=\"color: inherit; font: normal normal normal 15px\/normal 'Helvetica Neue', Helvetica, Arial, sans-serif; font-style: italic; font-weight: inherit; line-height: 1.625;\">Communication<\/em><\/li>\n<li style=\"color: inherit; font: normal normal normal 15px\/normal 'Helvetica Neue', Helvetica, Arial, sans-serif; font-style: inherit; font-weight: inherit; line-height: 1.625;\"><a style=\"color: #1b8be0; font: normal normal normal 15px\/normal 'Helvetica Neue', Helvetica, Arial, sans-serif; font-style: inherit; font-weight: inherit; line-height: 1.625; text-decoration: none;\" href=\"mailto:\">Marmoret Laurent<\/a>, (laurent.marmoret(at)u-picardie.fr)\u00a0<em style=\"color: inherit; font: normal normal normal 15px\/normal 'Helvetica Neue', Helvetica, Arial, sans-serif; font-style: italic; font-weight: inherit; line-height: 1.625;\">Electricit\u00e9, Eclairage<\/em><\/li>\n<li style=\"color: inherit; font: normal normal normal 15px\/normal 'Helvetica Neue', Helvetica, Arial, sans-serif; font-style: inherit; font-weight: inherit; line-height: 1.625;\"><a href=\"mailto:\">Drouot Patrick<\/a><em>, (patrick.drouot(at)u-picardie.fr Math\u00e9matiques<\/em><\/li>\n<li><a href=\"geoffrey.promis@u-picardie.fr\">Promis Geoffrey<\/a>, (geoffrey.promis(at)u-picardie.fr)<\/li>\n<li><a href=\"jean-michel.roges@u-picardie.fr\">Roges Jean-Michel<\/a>, (jean-michel.roges(at)u-picardie.fr<\/li>\n<li><a href=\"mailto:\">Schoonheere Jean-Jacques<\/a>, (jean-jacques.schoonheere(at)u-picardie.fr)\u00a0<em>Structures, Organisation, Construction, DAO<\/em><\/li>\n<li><a href=\"mailto:\">Seigneur Christophe<\/a>, (christophe.seigneur(at)u-picardie.fr)\u00a0<em>Structure, construction, Mat\u00e9riaux, DAO<\/em><\/li>\n<li style=\"color: inherit; font: normal normal normal 15px\/normal 'Helvetica Neue', Helvetica, Arial, sans-serif; font-style: inherit; font-weight: inherit; line-height: 1.625;\"><a href=\"mailto:\">Tran Le Anh Dung<span style=\"color: #000000;\">, <\/span><\/a>(anh.dung.tran.le(at)u-picardie.fr)\u00a0<em>Equipements techniques, \u00e9nerg\u00e9tique<\/em><\/li>\n<li><a href=\"noel.vincent@u-picardie.fr\">Vincent No\u00ebl<\/a>, (noel.vincent(at)u-picardie.fr)<\/li>\n<\/ul>\n<p style=\"color: inherit; font: normal normal normal 15px\/normal 'Helvetica Neue', Helvetica, Arial, sans-serif; font-style: inherit; font-weight: 300; line-height: 1.625; margin-bottom: 1.625em;\"><strong style=\"color: inherit; font: normal normal normal 15px\/normal 'Helvetica Neue', Helvetica, Arial, sans-serif; font-style: inherit; font-weight: bold; line-height: 1.625;\">Techniciens<\/strong><\/p>\n<ul style=\"color: inherit; font: normal normal normal 15px\/normal 'Helvetica Neue', Helvetica, Arial, sans-serif; font-style: inherit; font-weight: 300; line-height: 1.625; list-style-type: square; list-style-position: initial; list-style-image: initial; padding: 0px; margin: 0px 0px 1.625em 2.5em;\">\n<li style=\"color: inherit; font: normal normal normal 15px\/normal 'Helvetica Neue', Helvetica, Arial, sans-serif; font-style: inherit; font-weight: inherit; line-height: 1.625;\"><a style=\"color: #1b8be0; font: normal normal normal 15px\/normal 'Helvetica Neue', Helvetica, Arial, sans-serif; font-style: inherit; font-weight: inherit; line-height: 1.625; text-decoration: none;\" href=\"mailto:\">Calippe Yves<\/a>, (yves.calippe(at)u-picardie.fr)\u00a0<em style=\"color: inherit; font: normal normal normal 15px\/normal 'Helvetica Neue', Helvetica, Arial, sans-serif; font-style: italic; font-weight: inherit; line-height: 1.625;\">Op\u00e9rateur de maintenance<\/em><\/li>\n<li><a href=\"jean-marc.bournazel@u-picardie.fr\">Bournazel Jean-Marc<\/a>, (jean-marc.bournazel(at)u-picardie.fr) <em style=\"color: inherit; font: normal normal normal 15px\/normal 'Helvetica Neue', Helvetica, Arial, sans-serif; font-style: italic; font-weight: inherit; line-height: 1.625;\">Op\u00e9rateur de maintenance<\/em><\/li>\n<li><a href=\"mailto:\">Palstermans<\/a><a href=\"mailto:\"> Romain<\/a>, (romain.palstermans(at)u-picardie.fr) <em>Informatique<\/em><\/li>\n<\/ul>\n","protected":false},"excerpt":{"rendered":"<p>Chef de d\u00e9partement Christophe Seigneur, (chef-dept-gc(at)u-picardie.fr) Directeur des \u00e9tudes 1\u00e8re ann\u00e9e Mollard C\u00e9line, (celine.mollard(at)u-picardie.fr) Construction, Organisation, DAO, Structures Directeur des \u00e9tudes 2\u00e8me ann\u00e9e Rosquo\u00ebt Fr\u00e9d\u00e9ric, (frederic.rosquoet(at)u-picardie.fr)\u00a0M\u00e9canique des sols, G\u00e9otechnique, G\u00e9ologie Directeur des \u00e9tudes 3\u00e8me ann\u00e9e \u00a0Benazzouk Amar, (Amar.benazzouk(at)u-picardie.fr) Materiaux Responsable &hellip; <a href=\"http:\/\/www.gc.iut-amiens.fr\/?page_id=1135\">Continuer la lecture <span class=\"meta-nav\">&rarr;<\/span><\/a><\/p>\n","protected":false},"author":1,"featured_media":0,"parent":417,"menu_order":1,"comment_status":"closed","ping_status":"closed","template":"","meta":{"footnotes":""},"class_list":["post-1135","page","type-page","status-publish","hentry"],"_links":{"self":[{"href":"http:\/\/www.gc.iut-amiens.fr\/index.php?rest_route=\/wp\/v2\/pages\/1135","targetHints":{"allow":["GET"]}}],"collection":[{"href":"http:\/\/www.gc.iut-amiens.fr\/index.php?rest_route=\/wp\/v2\/pages"}],"about":[{"href":"http:\/\/www.gc.iut-amiens.fr\/index.php?rest_route=\/wp\/v2\/types\/page"}],"author":[{"embeddable":true,"href":"http:\/\/www.gc.iut-amiens.fr\/index.php?rest_route=\/wp\/v2\/users\/1"}],"replies":[{"embeddable":true,"href":"http:\/\/www.gc.iut-amiens.fr\/index.php?rest_route=%2Fwp%2Fv2%2Fcomments&post=1135"}],"version-history":[{"count":41,"href":"http:\/\/www.gc.iut-amiens.fr\/index.php?rest_route=\/wp\/v2\/pages\/1135\/revisions"}],"predecessor-version":[{"id":2395,"href":"http:\/\/www.gc.iut-amiens.fr\/index.php?rest_route=\/wp\/v2\/pages\/1135\/revisions\/2395"}],"up":[{"embeddable":true,"href":"http:\/\/www.gc.iut-amiens.fr\/index.php?rest_route=\/wp\/v2\/pages\/417"}],"wp:attachment":[{"href":"http:\/\/www.gc.iut-amiens.fr\/index.php?rest_route=%2Fwp%2Fv2%2Fmedia&parent=1135"}],"curies":[{"name":"wp","href":"https:\/\/api.w.org\/{rel}","templated":true}]}}